{"id":413,"date":"2024-11-18T21:02:02","date_gmt":"2024-11-18T21:02:02","guid":{"rendered":"https:\/\/melissastuessi.com\/?page_id=413"},"modified":"2026-07-22T12:27:39","modified_gmt":"2026-07-22T12:27:39","slug":"social-media","status":"publish","type":"page","link":"https:\/\/melissastuessi.com\/?page_id=413","title":{"rendered":"Social Media"},"content":{"rendered":"\n<p>Ich habe schon diverse Social-Media-Accounts betreut und Content daf\u00fcr erstellt. Unter anderem f\u00fcr Kunden von <strong><a href=\"https:\/\/www.glaromarketing.ch\/\" data-type=\"link\" data-id=\"https:\/\/www.glaromarketing.ch\/\">glaromarketing<\/a><\/strong>, ehrenamtlich f\u00fcr das <strong>ESAF 2025 Glarnerland+<\/strong> und f\u00fcr <strong><a href=\"https:\/\/www.instagram.com\/srfgesichterundgeschichten\/\" data-type=\"link\" data-id=\"https:\/\/www.instagram.com\/srfgesichterundgeschichten\/\">SRF Gesichter &amp; Geschichten.<\/a><\/strong> Aktuell trage ich die strategische und operative Verantwortung f\u00fcr die Kan\u00e4le der <strong><a href=\"https:\/\/www.instagram.com\/glarusnord?igsh=N2JwdzljMmt0MmRx\">Gemeinde Glarus Nord<\/a><\/strong>.<\/p>\n\n\n\n<p>Hier die Links zu meinen Favoriten:<\/p>\n\n\n\n<p><a href=\"https:\/\/www.instagram.com\/reel\/DTccfpKCEJx\/?igsh=djl4czlsM2lveDd2\" data-type=\"link\" data-id=\"https:\/\/www.instagram.com\/reel\/DTccfpKCEJx\/?igsh=djl4czlsM2lveDd2\"><strong>Winterdienst<\/strong><\/a>, <strong><a href=\"https:\/\/www.instagram.com\/reel\/Damzx4hIo5b\/?igsh=MTR0YmNmMGNpMzlybA==\" data-type=\"link\" data-id=\"https:\/\/www.instagram.com\/reel\/Damzx4hIo5b\/?igsh=MTR0YmNmMGNpMzlybA==\">Sarah Schwitter im Obererlen<\/a><\/strong>, <strong><a href=\"https:\/\/www.instagram.com\/reel\/DaXA33lIiaQ\/?igsh=bmxsMXR6YXpkcTJx\" data-type=\"link\" data-id=\"https:\/\/www.instagram.com\/reel\/DaXA33lIiaQ\/?igsh=bmxsMXR6YXpkcTJx\">Kiosk Seebadi M\u00fchlehorn<\/a><\/strong><\/p>\n\n\n\n<p>ESAF Interviews:<strong> <a href=\"https:\/\/www.instagram.com\/reel\/DN6T_s8DNpd\/?hl=de\" data-type=\"link\" data-id=\"https:\/\/www.instagram.com\/reel\/DN6T_s8DNpd\/?hl=de\">KUNZ<\/a>, <a href=\"https:\/\/www.instagram.com\/reel\/DN6NON8DDHA\/?hl=de\">Melanie Oesch<\/a>, <a href=\"https:\/\/www.instagram.com\/reel\/DN_YJN8DOlr\/?hl=de\">Stubete G\u00e4ng<\/a>, <a href=\"https:\/\/www.instagram.com\/reel\/DN8mB-_jPaB\/?hl=de\">Francine Jordi<\/a><\/strong><\/p>\n\n\n\n<p><\/p>\n\n\n\n<p>Meine SRF-Reels sind aufgrund der Einstellung der Sendung G&amp;G und der entsprechenden Social-Media-Accounts ab 2026 m\u00f6glicherweise nicht mehr verf\u00fcgbar:<\/p>\n\n\n\n<p><strong><a href=\"https:\/\/www.instagram.com\/reel\/DEfOsxAqP3H\/?utm_source=ig_web_copy_link&amp;igsh=MzRlODBiNWFlZA==\" data-type=\"link\" data-id=\"https:\/\/www.instagram.com\/reel\/DEfOsxAqP3H\/?utm_source=ig_web_copy_link&amp;igsh=MzRlODBiNWFlZA==\">1000. Samschtig-Jass<\/a><\/strong><\/p>\n\n\n\n<p><strong><a href=\"https:\/\/www.instagram.com\/reel\/DBtve2tqQPM\/?utm_source=ig_web_copy_link&amp;igsh=MzRlODBiNWFlZA==\" data-type=\"link\" data-id=\"https:\/\/www.instagram.com\/reel\/DBtve2tqQPM\/?utm_source=ig_web_copy_link&amp;igsh=MzRlODBiNWFlZA==\">Season of the Witch &#8211; Red Carpet<\/a><\/strong><\/p>\n\n\n\n<p><strong><a href=\"https:\/\/www.instagram.com\/p\/DB_uM1Aqcpw\/\" data-type=\"link\" data-id=\"https:\/\/www.instagram.com\/p\/DB_uM1Aqcpw\/\">Walter Andreas M\u00fcller \u00fcber 30 Jahre &#8222;Fascht e Familie&#8220;<\/a><\/strong><\/p>\n\n\n\n<p><a href=\"https:\/\/www.instagram.com\/reel\/DBYZew3MKIg\/?utm_source=ig_web_copy_link&amp;igsh=MzRlODBiNWFlZA==\" data-type=\"link\" data-id=\"https:\/\/www.instagram.com\/reel\/DBYZew3MKIg\/?utm_source=ig_web_copy_link&amp;igsh=MzRlODBiNWFlZA==\"><strong>Walk of Fame mit der &#8222;Stubete G\u00e4ng&#8220;<\/strong><\/a><\/p>\n\n\n\n<p><strong><a href=\"https:\/\/www.instagram.com\/p\/DCgsDrUqkCz\/\" data-type=\"link\" data-id=\"https:\/\/www.instagram.com\/p\/DCgsDrUqkCz\/\">&#8222;Zeig Mol&#8220; Bane<\/a><\/strong><\/p>\n\n\n\n<p><strong><a href=\"https:\/\/www.instagram.com\/p\/DCTvPKBqcgu\/\" data-type=\"link\" data-id=\"https:\/\/www.instagram.com\/p\/DCTvPKBqcgu\/\">&#8222;Ich oder Du&#8220;<\/a><\/strong><\/p>\n\n\n\n<p><\/p>\n\n\n\n<p><strong><a href=\"https:\/\/www.instagram.com\/reel\/C2QZkrns132\/\" data-type=\"link\" data-id=\"https:\/\/www.instagram.com\/reel\/C2QZkrns132\/\">ESAF 2025 Glarnerland+ Outfits<\/a><\/strong><\/p>\n\n\n\n<p><\/p>\n\n\n\n<div class=\"wp-block-columns is-layout-flex wp-container-core-columns-is-layout-28f84493 wp-block-columns-is-layout-flex\">\n<div class=\"wp-block-column is-layout-flow wp-block-column-is-layout-flow\">\n<div class=\"wp-block-group is-layout-constrained wp-block-group-is-layout-constrained\">\n<figure class=\"wp-block-video\"><video height=\"1920\" style=\"aspect-ratio: 886 \/ 1920;\" width=\"886\" controls src=\"https:\/\/melissastuessi.com\/wp-content\/uploads\/2024\/02\/RPReplay_Final1708098167.mov\"><\/video><\/figure>\n<\/div>\n<\/div>\n\n\n\n<div class=\"wp-block-column is-layout-flow wp-block-column-is-layout-flow\">\n<figure class=\"wp-block-video\"><video height=\"1920\" style=\"aspect-ratio: 886 \/ 1920;\" width=\"886\" controls src=\"https:\/\/melissastuessi.com\/wp-content\/uploads\/2024\/02\/RPReplay_Final1708098097.mov\"><\/video><\/figure>\n<\/div>\n\n\n\n<div class=\"wp-block-column is-layout-flow wp-block-column-is-layout-flow\">\n<figure class=\"wp-block-video\"><video height=\"1280\" style=\"aspect-ratio: 592 \/ 1280;\" width=\"592\" controls src=\"http:\/\/melissastuessi.com\/wp-content\/uploads\/2024\/02\/WhatsApp-Video-2024-02-16-at-22.58.00.mp4\"><\/video><\/figure>\n<\/div>\n<\/div>\n\n\n\n<div class=\"wp-block-columns is-layout-flex wp-container-core-columns-is-layout-28f84493 wp-block-columns-is-layout-flex\">\n<div class=\"wp-block-column is-layout-flow wp-block-column-is-layout-flow\">\n<figure class=\"wp-block-image size-large\"><img loading=\"lazy\" decoding=\"async\" width=\"573\" height=\"1024\" src=\"https:\/\/melissastuessi.com\/wp-content\/uploads\/2024\/11\/WhatsApp-Image-2024-11-05-at-18.38.19-1-573x1024.jpeg\" alt=\"\" class=\"wp-image-420\" srcset=\"https:\/\/melissastuessi.com\/wp-content\/uploads\/2024\/11\/WhatsApp-Image-2024-11-05-at-18.38.19-1-573x1024.jpeg 573w, https:\/\/melissastuessi.com\/wp-content\/uploads\/2024\/11\/WhatsApp-Image-2024-11-05-at-18.38.19-1-168x300.jpeg 168w, https:\/\/melissastuessi.com\/wp-content\/uploads\/2024\/11\/WhatsApp-Image-2024-11-05-at-18.38.19-1-768x1373.jpeg 768w, https:\/\/melissastuessi.com\/wp-content\/uploads\/2024\/11\/WhatsApp-Image-2024-11-05-at-18.38.19-1-859x1536.jpeg 859w, https:\/\/melissastuessi.com\/wp-content\/uploads\/2024\/11\/WhatsApp-Image-2024-11-05-at-18.38.19-1.jpeg 1125w\" sizes=\"auto, (max-width: 573px) 100vw, 573px\" \/><\/figure>\n<\/div>\n\n\n\n<div class=\"wp-block-column is-layout-flow wp-block-column-is-layout-flow\">\n<figure class=\"wp-block-image size-large\"><img loading=\"lazy\" decoding=\"async\" width=\"574\" height=\"1024\" src=\"https:\/\/melissastuessi.com\/wp-content\/uploads\/2024\/11\/WhatsApp-Image-2024-11-05-at-18.38.18-1-574x1024.jpeg\" alt=\"\" class=\"wp-image-421\" srcset=\"https:\/\/melissastuessi.com\/wp-content\/uploads\/2024\/11\/WhatsApp-Image-2024-11-05-at-18.38.18-1-574x1024.jpeg 574w, https:\/\/melissastuessi.com\/wp-content\/uploads\/2024\/11\/WhatsApp-Image-2024-11-05-at-18.38.18-1-168x300.jpeg 168w, https:\/\/melissastuessi.com\/wp-content\/uploads\/2024\/11\/WhatsApp-Image-2024-11-05-at-18.38.18-1-768x1369.jpeg 768w, https:\/\/melissastuessi.com\/wp-content\/uploads\/2024\/11\/WhatsApp-Image-2024-11-05-at-18.38.18-1-861x1536.jpeg 861w, https:\/\/melissastuessi.com\/wp-content\/uploads\/2024\/11\/WhatsApp-Image-2024-11-05-at-18.38.18-1.jpeg 1125w\" sizes=\"auto, (max-width: 574px) 100vw, 574px\" \/><\/figure>\n<\/div>\n\n\n\n<div class=\"wp-block-column is-layout-flow wp-block-column-is-layout-flow\">\n<figure class=\"wp-block-image size-large\"><img loading=\"lazy\" decoding=\"async\" width=\"575\" height=\"1024\" src=\"https:\/\/melissastuessi.com\/wp-content\/uploads\/2024\/11\/WhatsApp-Image-2024-11-05-at-18.38.18-575x1024.jpeg\" alt=\"\" class=\"wp-image-422\" srcset=\"https:\/\/melissastuessi.com\/wp-content\/uploads\/2024\/11\/WhatsApp-Image-2024-11-05-at-18.38.18-575x1024.jpeg 575w, https:\/\/melissastuessi.com\/wp-content\/uploads\/2024\/11\/WhatsApp-Image-2024-11-05-at-18.38.18-168x300.jpeg 168w, https:\/\/melissastuessi.com\/wp-content\/uploads\/2024\/11\/WhatsApp-Image-2024-11-05-at-18.38.18-768x1369.jpeg 768w, https:\/\/melissastuessi.com\/wp-content\/uploads\/2024\/11\/WhatsApp-Image-2024-11-05-at-18.38.18-862x1536.jpeg 862w, https:\/\/melissastuessi.com\/wp-content\/uploads\/2024\/11\/WhatsApp-Image-2024-11-05-at-18.38.18.jpeg 1125w\" sizes=\"auto, (max-width: 575px) 100vw, 575px\" \/><\/figure>\n<\/div>\n<\/div>\n","protected":false},"excerpt":{"rendered":"<p>Ich habe schon diverse Social-Media-Accounts betreut und Content daf\u00fcr erstellt. Unter anderem f\u00fcr Kunden von glaromarketing, ehrenamtlich f\u00fcr das ESAF 2025 Glarnerland+ und f\u00fcr SRF Gesichter &amp; Geschichten. Aktuell trage ich die strategische und operative Verantwortung f\u00fcr die Kan\u00e4le der Gemeinde Glarus Nord. Hier die Links zu meinen Favoriten: Winterdienst, Sarah Schwitter im Obererlen, Kiosk [&hellip;]<\/p>\n","protected":false},"author":1,"featured_media":0,"parent":0,"menu_order":0,"comment_status":"closed","ping_status":"closed","template":"","meta":{"footnotes":""},"class_list":["post-413","page","type-page","status-publish","hentry"],"_links":{"self":[{"href":"https:\/\/melissastuessi.com\/index.php?rest_route=\/wp\/v2\/pages\/413","targetHints":{"allow":["GET"]}}],"collection":[{"href":"https:\/\/melissastuessi.com\/index.php?rest_route=\/wp\/v2\/pages"}],"about":[{"href":"https:\/\/melissastuessi.com\/index.php?rest_route=\/wp\/v2\/types\/page"}],"author":[{"embeddable":true,"href":"https:\/\/melissastuessi.com\/index.php?rest_route=\/wp\/v2\/users\/1"}],"replies":[{"embeddable":true,"href":"https:\/\/melissastuessi.com\/index.php?rest_route=%2Fwp%2Fv2%2Fcomments&post=413"}],"version-history":[{"count":12,"href":"https:\/\/melissastuessi.com\/index.php?rest_route=\/wp\/v2\/pages\/413\/revisions"}],"predecessor-version":[{"id":495,"href":"https:\/\/melissastuessi.com\/index.php?rest_route=\/wp\/v2\/pages\/413\/revisions\/495"}],"wp:attachment":[{"href":"https:\/\/melissastuessi.com\/index.php?rest_route=%2Fwp%2Fv2%2Fmedia&parent=413"}],"curies":[{"name":"wp","href":"https:\/\/api.w.org\/{rel}","templated":true}]}}